{"id":1223,"date":"2014-11-05T13:52:47","date_gmt":"2014-11-05T12:52:47","guid":{"rendered":"http:\/\/www.nuovimecenati.org\/?page_id=1223"},"modified":"2026-03-16T14:55:16","modified_gmt":"2026-03-16T13:55:16","slug":"appel-a-projets","status":"publish","type":"page","link":"https:\/\/www.nuovimecenati.org\/fr\/appel-a-projets\/","title":{"rendered":"appel \u00e0 projets"},"content":{"rendered":"<p>La Fondation Nuovi Mecenati peut apporter un soutien, apr\u00e8s examen des dossiers par des experts sectoriels et une commission, \u00e0 la diffusion de <strong>projets artistiques fran\u00e7ais en Italie<\/strong>.<\/p>\n<p>Les champs artistiques concern\u00e9s sont les suivants : arts visuels, photographie, art num\u00e9rique, design, th\u00e9\u00e2tre, danse, cin\u00e9ma, litt\u00e9rature, musiques actuelles, musique contemporaine, arts du cirque et de la rue.<\/p>\n<p>Les projets doivent imp\u00e9rativement \u00eatre pr\u00e9sent\u00e9s par des institutions culturelles, des festivals, des compagnies.<\/p>\n<p><span style=\"color: #000000;\">En 2026, et suite aux recommandations de nos m\u00e9c\u00e8nes, et \u00e0 une volont\u00e9 de r\u00e9fl\u00e9chir aux grands enjeux de notre \u00e9poque, une attention particuli\u00e8re sera accord\u00e9e aux projets :<\/span><\/p>\n<ul>\n<li><span style=\"color: #000000;\">Programm\u00e9s dans des r\u00e9gions du sud de l\u2019Italie (notamment en Basilicate, Pouilles et Campanie)\u00a0;<\/span><\/li>\n<li><span style=\"color: #000000;\">Qui refl\u00e8tent les pr\u00e9occupations \u00e9cologiques et environnementales et manifestent une sensibilit\u00e9 au d\u00e9veloppement durable ;<\/span><\/li>\n<li><span style=\"color: #000000;\">Qui respectent la dimension sociale et d\u2019inclusion\u00a0;<\/span><\/li>\n<li><span style=\"color: #000000;\">Qui promeuvent l\u2019\u00e9galit\u00e9 des chances ;<\/span><\/li>\n<li><span style=\"color: #000000;\">Qui impliquent des pays du bassin m\u00e9dit\u00e9rran\u00e9en;<\/span><\/li>\n<li>Qui valorisent la jeune cr\u00e9ation artistique contemporaine.<\/li>\n<\/ul>\n<p><strong>Le dossier devra mentionner imp\u00e9rativement le lieu, les dates et le budget d\u00e9taill\u00e9 du projet pour \u00eatre pr\u00e9sent\u00e9 au Comit\u00e9 artistique et au Conseil d\u2019Administration de la Fondation. <\/strong><strong>Les dossiers d\u00e9pos\u00e9s par les compagnies devront mentionner les institutions partenaires, avec le cas \u00e9ch\u00e9ant une lettre d\u2019invitation. Nous vous remercions d&rsquo;utiliser le mod\u00e8le de budget que vous trouverez ici : <a href=\"http:\/\/www.nuovimecenati.org\/wp-content\/uploads\/2025\/03\/Budget-FNM.xlsx\">Budget FNM<\/a> <\/strong><\/p>\n<p><strong>La Fondation ne peut soutenir \u00e0 elle seule la totalit\u00e9 du budget d\u2019un projet. Elle v\u00e9rifiera donc la pr\u00e9sence d\u2019autres partenaires dans la faisabilit\u00e9 du projet.<\/strong><\/p>\n<p>L\u2019appel \u00e0 projet est ouvert entre\u00a0<strong>le 16 mars et le 12 avril 2026<\/strong>. Les projets devront \u00eatre pr\u00e9sent\u00e9s et enregistr\u00e9s en ligne ci-dessous.\u00a0Les r\u00e9sultats seront communiqu\u00e9s exclusivement par email <strong>au plus tard d\u00e9but juillet 2026,<\/strong>\u00a0suite au Conseil d\u2019Administration de la Fondation (aucun r\u00e9sultat ne sera communiqu\u00e9 par t\u00e9l\u00e9phone).<\/p>\n<hr \/>\n<p>&gt;&gt;&gt;\u00a0<a href=\"https:\/\/www.nuovimecenati.org\/fr\/candidature-pour-un-soutien-a-la-diffusion-etou-coproduction\/\">Pour un soutien \u00e0 la diffusion<\/a><\/p>\n<p>&nbsp;<\/p>\n","protected":false},"excerpt":{"rendered":"<p>La Fondation Nuovi Mecenati peut apporter un soutien, apr\u00e8s examen des dossiers par des experts sectoriels et une commission, \u00e0 la diffusion de projets artistiques fran\u00e7ais en Italie. Les champs artistiques concern\u00e9s sont les suivants : arts visuels, photographie, art num\u00e9rique, design, th\u00e9\u00e2tre, danse, cin\u00e9ma, litt\u00e9rature, musiques actuelles, musique contemporaine, arts du cirque et de<a class=\"more-link\" href=\"https:\/\/www.nuovimecenati.org\/fr\/appel-a-projets\/\">Continua<\/a><\/p>\n","protected":false},"author":18,"featured_media":4871,"parent":0,"menu_order":0,"comment_status":"closed","ping_status":"closed","template":"","meta":{"_acf_changed":false,"footnotes":""},"class_list":["post-1223","page","type-page","status-publish","has-post-thumbnail","hentry"],"acf":[],"_links":{"self":[{"href":"https:\/\/www.nuovimecenati.org\/fr\/wp-json\/wp\/v2\/pages\/1223","targetHints":{"allow":["GET"]}}],"collection":[{"href":"https:\/\/www.nuovimecenati.org\/fr\/wp-json\/wp\/v2\/pages"}],"about":[{"href":"https:\/\/www.nuovimecenati.org\/fr\/wp-json\/wp\/v2\/types\/page"}],"author":[{"embeddable":true,"href":"https:\/\/www.nuovimecenati.org\/fr\/wp-json\/wp\/v2\/users\/18"}],"replies":[{"embeddable":true,"href":"https:\/\/www.nuovimecenati.org\/fr\/wp-json\/wp\/v2\/comments?post=1223"}],"version-history":[{"count":0,"href":"https:\/\/www.nuovimecenati.org\/fr\/wp-json\/wp\/v2\/pages\/1223\/revisions"}],"wp:featuredmedia":[{"embeddable":true,"href":"https:\/\/www.nuovimecenati.org\/fr\/wp-json\/wp\/v2\/media\/4871"}],"wp:attachment":[{"href":"https:\/\/www.nuovimecenati.org\/fr\/wp-json\/wp\/v2\/media?parent=1223"}],"curies":[{"name":"wp","href":"https:\/\/api.w.org\/{rel}","templated":true}]}}